{"id":449,"date":"2018-08-21T17:10:31","date_gmt":"2018-08-21T15:10:31","guid":{"rendered":"https:\/\/einformatyka.com.pl\/?page_id=449"},"modified":"2018-08-21T17:13:02","modified_gmt":"2018-08-21T15:13:02","slug":"klauzula-informacyjna","status":"publish","type":"page","link":"https:\/\/einformatyka.com.pl\/index.php\/klauzula-informacyjna\/","title":{"rendered":"Klauzula informacyjna"},"content":{"rendered":"<div class=\"title\">\n<h2>25 maja zaczn\u0105 obowi\u0105zywa\u0107 nowe przepisy o ochronie danych osobowych.<\/h2>\n<\/div>\n<div class=\"clear\"><\/div>\n<div class=\"content tinymce_html\">\n<p align=\"center\">INFORMACJE PODSTAWOWE DOTYCZ\u0104CE PRZETWARZANIA DANYCH OSOBOWYCH KLIENT\u00d3W SKLEPU INTERNETOWEGO Einformatyka<\/p>\n<p>Administrator danych: Einformatyka in\u017c. Tomasz Radwan | NIP: 5492256712<\/p>\n<table class=\"specyfikacja\">\n<tbody>\n<tr>\n<td colspan=\"2\">CELE PRZETWARZANIA<\/td>\n<\/tr>\n<tr>\n<td colspan=\"2\">&#8211; W celu prawid\u0142owego funkcjonowania sprzeda\u017cy w sklepie internetowym <a href=\"https:\/\/einformatyka.com.pl\">https:\/\/einformatyka.com.pl<\/a>.<br \/>\n&#8211; W celu prowadzenia marketingu bezpo\u015bredniego, w tym w celach profilowania oraz przesy\u0142ania informacji i materia\u0142\u00f3w marketingowych dotycz\u0105cych produkt\u00f3w i us\u0142ug.<\/td>\n<\/tr>\n<tr>\n<td colspan=\"2\"><\/td>\n<\/tr>\n<tr>\n<td colspan=\"2\">PODSTAWY PRAWNE PRZETWARZANIA<\/td>\n<\/tr>\n<tr>\n<td colspan=\"2\">&#8211; Twoja zgoda.<\/td>\n<\/tr>\n<tr>\n<td colspan=\"2\"><\/td>\n<\/tr>\n<tr>\n<td colspan=\"2\">PRAWA ZWI\u0104ZANE Z PRZETWARZANIEM DANYCH<\/td>\n<\/tr>\n<tr>\n<td colspan=\"2\">&#8211; Prawo do wycofania zgody na przetwarzanie danych osobowych.<br \/>\n&#8211; Prawo dost\u0119pu do danych oraz prawo \u017c\u0105dania ich sprostowania, ich usuni\u0119cia lub ograniczenia ich przetwarzania.<br \/>\n&#8211; Inne prawa, o kt\u00f3rych mowa w szczeg\u00f3\u0142owej informacji o przetwarzaniu danych.<\/td>\n<\/tr>\n<\/tbody>\n<\/table>\n<\/div>\n<div class=\"sharedaddy sd-sharing-enabled\"><div class=\"robots-nocontent sd-block sd-social sd-social-icon-text sd-sharing\"><h3 class=\"sd-title\">Share this:<\/h3><div class=\"sd-content\"><ul><li><a href=\"#\" class=\"sharing-anchor sd-button share-more\"><span>Share<\/span><\/a><\/li><li class=\"share-end\"><\/li><\/ul><div class=\"sharing-hidden\"><div class=\"inner\" style=\"display: none;\"><ul><li class=\"share-twitter\"><a rel=\"nofollow noopener noreferrer\" data-shared=\"sharing-twitter-449\" class=\"share-twitter sd-button share-icon\" href=\"https:\/\/einformatyka.com.pl\/index.php\/klauzula-informacyjna\/?share=twitter\" target=\"_blank\" title=\"Click to share on Twitter\" ><span>Twitter<\/span><\/a><\/li><li class=\"share-print\"><a rel=\"nofollow noopener noreferrer\" data-shared=\"\" class=\"share-print sd-button share-icon\" href=\"https:\/\/einformatyka.com.pl\/index.php\/klauzula-informacyjna\/\" target=\"_blank\" title=\"Click to print\" ><span>Print<\/span><\/a><\/li><li class=\"share-end\"><\/li><li class=\"share-facebook\"><a rel=\"nofollow noopener noreferrer\" data-shared=\"sharing-facebook-449\" class=\"share-facebook sd-button share-icon\" href=\"https:\/\/einformatyka.com.pl\/index.php\/klauzula-informacyjna\/?share=facebook\" target=\"_blank\" title=\"Click to share on Facebook\" ><span>Facebook<\/span><\/a><\/li><li class=\"share-end\"><\/li><\/ul><\/div><\/div><\/div><\/div><\/div>","protected":false},"excerpt":{"rendered":"<p>25 maja zaczn\u0105 obowi\u0105zywa\u0107 nowe przepisy o ochronie danych osobowych. INFORMACJE PODSTAWOWE DOTYCZ\u0104CE PRZETWARZANIA DANYCH OSOBOWYCH KLIENT\u00d3W SKLEPU INTERNETOWEGO Einformatyka Administrator danych: Einformatyka in\u017c. Tomasz Radwan | NIP: 5492256712 CELE PRZETWARZANIA &#8211; W celu prawid\u0142owego<a class=\"read-more\" href=\"https:\/\/einformatyka.com.pl\/index.php\/klauzula-informacyjna\/\">Continue reading<\/a><\/p>\n<div class=\"sharedaddy sd-sharing-enabled\"><div class=\"robots-nocontent sd-block sd-social sd-social-icon-text sd-sharing\"><h3 class=\"sd-title\">Share this:<\/h3><div class=\"sd-content\"><ul><li><a href=\"#\" class=\"sharing-anchor sd-button share-more\"><span>Share<\/span><\/a><\/li><li class=\"share-end\"><\/li><\/ul><div class=\"sharing-hidden\"><div class=\"inner\" style=\"display: none;\"><ul><li class=\"share-twitter\"><a rel=\"nofollow noopener noreferrer\" data-shared=\"sharing-twitter-449\" class=\"share-twitter sd-button share-icon\" href=\"https:\/\/einformatyka.com.pl\/index.php\/klauzula-informacyjna\/?share=twitter\" target=\"_blank\" title=\"Click to share on Twitter\" ><span>Twitter<\/span><\/a><\/li><li class=\"share-print\"><a rel=\"nofollow noopener noreferrer\" data-shared=\"\" class=\"share-print sd-button share-icon\" href=\"https:\/\/einformatyka.com.pl\/index.php\/klauzula-informacyjna\/\" target=\"_blank\" title=\"Click to print\" ><span>Print<\/span><\/a><\/li><li class=\"share-end\"><\/li><li class=\"share-facebook\"><a rel=\"nofollow noopener noreferrer\" data-shared=\"sharing-facebook-449\" class=\"share-facebook sd-button share-icon\" href=\"https:\/\/einformatyka.com.pl\/index.php\/klauzula-informacyjna\/?share=facebook\" target=\"_blank\" title=\"Click to share on Facebook\" ><span>Facebook<\/span><\/a><\/li><li class=\"share-end\"><\/li><\/ul><\/div><\/div><\/div><\/div><\/div>","protected":false},"author":1,"featured_media":0,"parent":0,"menu_order":0,"comment_status":"closed","ping_status":"closed","template":"","meta":{"jetpack_post_was_ever_published":false},"yoast_head":"<!-- This site is optimized with the Yoast SEO plugin v19.9 - https:\/\/yoast.com\/wordpress\/plugins\/seo\/ -->\n<title>Klauzula informacyjna - Einformatyka<\/title>\n<meta name=\"robots\" content=\"index, follow, max-snippet:-1, max-image-preview:large, max-video-preview:-1\" \/>\n<link rel=\"canonical\" href=\"https:\/\/einformatyka.com.pl\/index.php\/klauzula-informacyjna\/\" \/>\n<meta property=\"og:locale\" content=\"pl_PL\" \/>\n<meta property=\"og:type\" content=\"article\" \/>\n<meta property=\"og:title\" content=\"Klauzula informacyjna - Einformatyka\" \/>\n<meta property=\"og:description\" content=\"25 maja zaczn\u0105 obowi\u0105zywa\u0107 nowe przepisy o ochronie danych osobowych. INFORMACJE PODSTAWOWE DOTYCZ\u0104CE PRZETWARZANIA DANYCH OSOBOWYCH KLIENT\u00d3W SKLEPU INTERNETOWEGO Einformatyka Administrator danych: Einformatyka in\u017c. Tomasz Radwan | NIP: 5492256712 CELE PRZETWARZANIA &#8211; W celu prawid\u0142owegoContinue reading\" \/>\n<meta property=\"og:url\" content=\"https:\/\/einformatyka.com.pl\/index.php\/klauzula-informacyjna\/\" \/>\n<meta property=\"og:site_name\" content=\"Einformatyka\" \/>\n<meta property=\"article:publisher\" content=\"https:\/\/www.facebook.com\/einformatyka\/\" \/>\n<meta property=\"article:modified_time\" content=\"2018-08-21T15:13:02+00:00\" \/>\n<meta name=\"twitter:card\" content=\"summary_large_image\" \/>\n<meta name=\"twitter:label1\" content=\"Szacowany czas czytania\" \/>\n\t<meta name=\"twitter:data1\" content=\"1 minuta\" \/>\n<script type=\"application\/ld+json\" class=\"yoast-schema-graph\">{\"@context\":\"https:\/\/schema.org\",\"@graph\":[{\"@type\":\"WebPage\",\"@id\":\"https:\/\/einformatyka.com.pl\/index.php\/klauzula-informacyjna\/\",\"url\":\"https:\/\/einformatyka.com.pl\/index.php\/klauzula-informacyjna\/\",\"name\":\"Klauzula informacyjna - Einformatyka\",\"isPartOf\":{\"@id\":\"https:\/\/einformatyka.com.pl\/#website\"},\"datePublished\":\"2018-08-21T15:10:31+00:00\",\"dateModified\":\"2018-08-21T15:13:02+00:00\",\"breadcrumb\":{\"@id\":\"https:\/\/einformatyka.com.pl\/index.php\/klauzula-informacyjna\/#breadcrumb\"},\"inLanguage\":\"pl-PL\",\"potentialAction\":[{\"@type\":\"ReadAction\",\"target\":[\"https:\/\/einformatyka.com.pl\/index.php\/klauzula-informacyjna\/\"]}]},{\"@type\":\"BreadcrumbList\",\"@id\":\"https:\/\/einformatyka.com.pl\/index.php\/klauzula-informacyjna\/#breadcrumb\",\"itemListElement\":[{\"@type\":\"ListItem\",\"position\":1,\"name\":\"Strona g\u0142\u00f3wna\",\"item\":\"https:\/\/einformatyka.com.pl\/\"},{\"@type\":\"ListItem\",\"position\":2,\"name\":\"Klauzula informacyjna\"}]},{\"@type\":\"WebSite\",\"@id\":\"https:\/\/einformatyka.com.pl\/#website\",\"url\":\"https:\/\/einformatyka.com.pl\/\",\"name\":\"Einformatyka\",\"description\":\"Us\u0142ugi informatyczne\",\"publisher\":{\"@id\":\"https:\/\/einformatyka.com.pl\/#organization\"},\"potentialAction\":[{\"@type\":\"SearchAction\",\"target\":{\"@type\":\"EntryPoint\",\"urlTemplate\":\"https:\/\/einformatyka.com.pl\/?s={search_term_string}\"},\"query-input\":\"required name=search_term_string\"}],\"inLanguage\":\"pl-PL\"},{\"@type\":\"Organization\",\"@id\":\"https:\/\/einformatyka.com.pl\/#organization\",\"name\":\"Einformatyka\",\"url\":\"https:\/\/einformatyka.com.pl\/\",\"logo\":{\"@type\":\"ImageObject\",\"inLanguage\":\"pl-PL\",\"@id\":\"https:\/\/einformatyka.com.pl\/#\/schema\/logo\/image\/\",\"url\":\"https:\/\/i0.wp.com\/einformatyka.com.pl\/wp-content\/uploads\/2018\/06\/Einformatyka-logo-1.png?fit=3658%2C1122&ssl=1\",\"contentUrl\":\"https:\/\/i0.wp.com\/einformatyka.com.pl\/wp-content\/uploads\/2018\/06\/Einformatyka-logo-1.png?fit=3658%2C1122&ssl=1\",\"width\":3658,\"height\":1122,\"caption\":\"Einformatyka\"},\"image\":{\"@id\":\"https:\/\/einformatyka.com.pl\/#\/schema\/logo\/image\/\"},\"sameAs\":[\"https:\/\/www.facebook.com\/einformatyka\/\"]}]}<\/script>\n<!-- \/ Yoast SEO plugin. -->","yoast_head_json":{"title":"Klauzula informacyjna - Einformatyka","robots":{"index":"index","follow":"follow","max-snippet":"max-snippet:-1","max-image-preview":"max-image-preview:large","max-video-preview":"max-video-preview:-1"},"canonical":"https:\/\/einformatyka.com.pl\/index.php\/klauzula-informacyjna\/","og_locale":"pl_PL","og_type":"article","og_title":"Klauzula informacyjna - Einformatyka","og_description":"25 maja zaczn\u0105 obowi\u0105zywa\u0107 nowe przepisy o ochronie danych osobowych. INFORMACJE PODSTAWOWE DOTYCZ\u0104CE PRZETWARZANIA DANYCH OSOBOWYCH KLIENT\u00d3W SKLEPU INTERNETOWEGO Einformatyka Administrator danych: Einformatyka in\u017c. Tomasz Radwan | NIP: 5492256712 CELE PRZETWARZANIA &#8211; W celu prawid\u0142owegoContinue reading","og_url":"https:\/\/einformatyka.com.pl\/index.php\/klauzula-informacyjna\/","og_site_name":"Einformatyka","article_publisher":"https:\/\/www.facebook.com\/einformatyka\/","article_modified_time":"2018-08-21T15:13:02+00:00","twitter_card":"summary_large_image","twitter_misc":{"Szacowany czas czytania":"1 minuta"},"schema":{"@context":"https:\/\/schema.org","@graph":[{"@type":"WebPage","@id":"https:\/\/einformatyka.com.pl\/index.php\/klauzula-informacyjna\/","url":"https:\/\/einformatyka.com.pl\/index.php\/klauzula-informacyjna\/","name":"Klauzula informacyjna - Einformatyka","isPartOf":{"@id":"https:\/\/einformatyka.com.pl\/#website"},"datePublished":"2018-08-21T15:10:31+00:00","dateModified":"2018-08-21T15:13:02+00:00","breadcrumb":{"@id":"https:\/\/einformatyka.com.pl\/index.php\/klauzula-informacyjna\/#breadcrumb"},"inLanguage":"pl-PL","potentialAction":[{"@type":"ReadAction","target":["https:\/\/einformatyka.com.pl\/index.php\/klauzula-informacyjna\/"]}]},{"@type":"BreadcrumbList","@id":"https:\/\/einformatyka.com.pl\/index.php\/klauzula-informacyjna\/#breadcrumb","itemListElement":[{"@type":"ListItem","position":1,"name":"Strona g\u0142\u00f3wna","item":"https:\/\/einformatyka.com.pl\/"},{"@type":"ListItem","position":2,"name":"Klauzula informacyjna"}]},{"@type":"WebSite","@id":"https:\/\/einformatyka.com.pl\/#website","url":"https:\/\/einformatyka.com.pl\/","name":"Einformatyka","description":"Us\u0142ugi informatyczne","publisher":{"@id":"https:\/\/einformatyka.com.pl\/#organization"},"potentialAction":[{"@type":"SearchAction","target":{"@type":"EntryPoint","urlTemplate":"https:\/\/einformatyka.com.pl\/?s={search_term_string}"},"query-input":"required name=search_term_string"}],"inLanguage":"pl-PL"},{"@type":"Organization","@id":"https:\/\/einformatyka.com.pl\/#organization","name":"Einformatyka","url":"https:\/\/einformatyka.com.pl\/","logo":{"@type":"ImageObject","inLanguage":"pl-PL","@id":"https:\/\/einformatyka.com.pl\/#\/schema\/logo\/image\/","url":"https:\/\/i0.wp.com\/einformatyka.com.pl\/wp-content\/uploads\/2018\/06\/Einformatyka-logo-1.png?fit=3658%2C1122&ssl=1","contentUrl":"https:\/\/i0.wp.com\/einformatyka.com.pl\/wp-content\/uploads\/2018\/06\/Einformatyka-logo-1.png?fit=3658%2C1122&ssl=1","width":3658,"height":1122,"caption":"Einformatyka"},"image":{"@id":"https:\/\/einformatyka.com.pl\/#\/schema\/logo\/image\/"},"sameAs":["https:\/\/www.facebook.com\/einformatyka\/"]}]}},"jetpack_sharing_enabled":true,"jetpack_shortlink":"https:\/\/wp.me\/Pabt0O-7f","jetpack_likes_enabled":true,"jetpack-related-posts":[{"id":3,"url":"https:\/\/einformatyka.com.pl\/index.php\/polityka-prywatnosci\/","url_meta":{"origin":449,"position":0},"title":"Polityka prywatno\u015bci","date":"7 czerwca 2018","format":false,"excerpt":"Polityka prywatno\u015bci 1.\u00a0Administratorem baz danych osobowych przekazywanych przez klient\u00f3w sklepu internetowego w zwi\u0105zku z zakupami jest Us\u0142ugodawca. 2.\u00a0Dane osobowe wykorzystywane s\u0105 w celu realizacji um\u00f3w sprzeda\u017cy, w zawi\u0105zku z tym mog\u0105 by\u0107 przekazywane podmiotom odpowiedzialnym za dostaw\u0119 zakupionych towar\u00f3w do klienta oraz, w przypadku zakup\u00f3w na raty, instytucjom kredytuj\u0105cym zakup.\u2026","rel":"","context":"Similar post","img":{"alt_text":"","src":"","width":0,"height":0},"classes":[]},{"id":441,"url":"https:\/\/einformatyka.com.pl\/index.php\/regulamin-serwisu-komputerowego\/","url_meta":{"origin":449,"position":1},"title":"Regulamin serwisu komputerowego","date":"21 sierpnia 2018","format":false,"excerpt":"S\u0141OWNIK 1. Serwis \u2013 Einformatyka Bielany ul. Na W\u0142osie\u0144 14. 2. Klient - osoba lub firma, zg\u0142aszaj\u0105ca sprz\u0119t do naprawy. 3. Kurier - pracownik spedytora lub osoba wyst\u0119puj\u0105ca w jego imieniu. POSTANOWIENIA OG\u00d3LNE 1. Poni\u017cszy regulamin okre\u015bla zasady dokonywania napraw serwisowych przez pracownik\u00f3w serwisu Einformatyka 2. Zlecenie przez Klienta us\u0142ugi\u2026","rel":"","context":"Similar post","img":{"alt_text":"","src":"","width":0,"height":0},"classes":[]},{"id":333,"url":"https:\/\/einformatyka.com.pl\/index.php\/regulamin-sklepu-internetowego-einformatyka-inz-tomasz-radwan\/","url_meta":{"origin":449,"position":2},"title":"Regulamin sklepu internetowego Einformatyka inz. Tomasz Radwan","date":"2 sierpnia 2018","format":false,"excerpt":"\u00a71 Postanowienia wst\u0119pne \u00a0 Sklep internetowy Einformatyka, dost\u0119pny pod adresem internetowym https:\/\/einformatyka.com.pl , prowadzony jest przez Tomasza Radwana prowadz\u0105cego dzia\u0142alno\u015b\u0107 gospodarcz\u0105 pod firm\u0105 Einformatyka, wpisan\u0105 do Centralnej Ewidencji i Informacji o Dzia\u0142alno\u015bci Gospodarczej (CEIDG) prowadzonej przez ministra w\u0142a\u015bciwego ds. gospodarki, NIP 5492256712, REGON 362805950 Niniejszy Regulamin skierowany jest zar\u00f3wno do\u2026","rel":"","context":"Similar post","img":{"alt_text":"","src":"","width":0,"height":0},"classes":[]},{"id":272,"url":"https:\/\/einformatyka.com.pl\/index.php\/webowe-aplikacje-produkcyjne-aplikacje-udostepniane-przez-siec\/","url_meta":{"origin":449,"position":3},"title":"Webowe aplikacje produkcyjne (aplikacje udost\u0119pniane przez sie\u0107)","date":"31 lipca 2018","format":false,"excerpt":"Obecnie coraz cz\u0119\u015bciej w firmach mo\u017cna spotka\u0107 webowe aplikacje produkcyjne (aplikacje udost\u0119pniane przez sie\u0107). Pomagaj\u0105 one w szkoleniu pracownik\u00f3w (platforma edukacyjna Moodle), u\u0142atwiaj\u0105 zarz\u0105dzanie rozbudowanymi projektami (Redmine) a nawet umo\u017cliwiaj\u0105 kompleksowe zarz\u0105dzanie ca\u0142\u0105 firm\u0105 od magazynu po ksi\u0119gowo\u015b\u0107. Nie wymagaj\u0105 instalacji dodatkowego oprogramowania na stacjach ko\u0144cowych. Dzia\u0142aj\u0105 na wi\u0119kszo\u015bci system\u00f3w\u2026","rel":"","context":"Similar post","img":{"alt_text":"","src":"","width":0,"height":0},"classes":[]},{"id":8,"url":"https:\/\/einformatyka.com.pl\/","url_meta":{"origin":449,"position":4},"title":"Uwaga!!! Szanowni klienci dzia\u0142alno\u015b\u0107 firmy\u2026","date":"8 czerwca 2018","format":false,"excerpt":"Uwaga!!! Szanowni klienci dzia\u0142alno\u015b\u0107 firmy Einformatyka zosta\u0142a zawieszona do odwo\u0142ania. \u00a0 Pozycjonowanie - czyli proce polegaj\u0105cy na poprawianiu widoczno\u015bci i pozycji strony internetowej w wyszukiwarkach. Czytaj dalej >>> Strony internetowe\u00a0- Oferujemy przygotowanie stron internetowych w technologii CMS (szybkie tworzenie przy u\u017cyciu szablonu) oraz ich r\u0119czne pisanie w oparciu o j\u0119zyki\u2026","rel":"","context":"Similar post","img":{"alt_text":"","src":"","width":0,"height":0},"classes":[]},{"id":347,"url":"https:\/\/einformatyka.com.pl\/index.php\/czy-i-po-co-szyfrowac-dane-na-komputerach-stacjonarnych-i-przenosnych\/","url_meta":{"origin":449,"position":5},"title":"Czy i po co szyfrowa\u0107 dane na komputerach stacjonarnych i przeno\u015bnych.","date":"3 sierpnia 2018","format":false,"excerpt":"Bezpiecze\u0144stwo danych to temat coraz bardziej zyskuj\u0105cy na popularno\u015bci. W zwi\u0105zku z wej\u015bciem RODO firmy zosta\u0142y zobligowane do zadbania o dane swoich klient\u00f3w. Przepisy te nie precyzuj\u0105 jednak jak powinna wygl\u0105da\u0107 ochrona. Wyb\u00f3r odpowiednich narz\u0119dzi do uzyskania zadowalaj\u0105cego poziomu bezpiecze\u0144stwa zale\u017c\u0105 mi\u0119dzy innymi od wielko\u015bci firmy oraz zastosowania systemu informatycznego.\u2026","rel":"","context":"Similar post","img":{"alt_text":"","src":"","width":0,"height":0},"classes":[]}],"_links":{"self":[{"href":"https:\/\/einformatyka.com.pl\/index.php\/wp-json\/wp\/v2\/pages\/449"}],"collection":[{"href":"https:\/\/einformatyka.com.pl\/index.php\/wp-json\/wp\/v2\/pages"}],"about":[{"href":"https:\/\/einformatyka.com.pl\/index.php\/wp-json\/wp\/v2\/types\/page"}],"author":[{"embeddable":true,"href":"https:\/\/einformatyka.com.pl\/index.php\/wp-json\/wp\/v2\/users\/1"}],"replies":[{"embeddable":true,"href":"https:\/\/einformatyka.com.pl\/index.php\/wp-json\/wp\/v2\/comments?post=449"}],"version-history":[{"count":0,"href":"https:\/\/einformatyka.com.pl\/index.php\/wp-json\/wp\/v2\/pages\/449\/revisions"}],"wp:attachment":[{"href":"https:\/\/einformatyka.com.pl\/index.php\/wp-json\/wp\/v2\/media?parent=449"}],"curies":[{"name":"wp","href":"https:\/\/api.w.org\/{rel}","templated":true}]}}